{"id":2,"date":"2019-03-05T15:30:38","date_gmt":"2019-03-05T14:30:38","guid":{"rendered":"http:\/\/avantlanuit.org\/?page_id=2"},"modified":"2024-04-26T17:32:12","modified_gmt":"2024-04-26T15:32:12","slug":"page-d-exemple","status":"publish","type":"page","link":"https:\/\/avantlanuit.org\/index.php\/page-d-exemple\/","title":{"rendered":"Agenda"},"content":{"rendered":"\n<p class=\"has-medium-font-size\">&nbsp;&nbsp;&nbsp;&nbsp;<\/p>\n\n\n\n<p><\/p>\n\n\n\n<p><strong>JUIN 24<\/strong><\/p>\n\n\n\n<p>15 juin \/ 20h30 &#8211; Maison de Pays, Champagne en V.<\/p>\n\n\n\n<p><strong>MAI<\/strong> 24<\/p>\n\n\n\n<p>7 mai \/ 20h30 &#8211; Salle des f\u00eates de Farges, port\u00e9 par la Mairie de Pougny.<\/p>\n\n\n\n<p>Les chemins de la m\u00e9moire &#8211; 16 mai &#8211; Plateau d&rsquo;Echallon, organis\u00e9 par la Ligue de l&rsquo;enseignement (extrait d&rsquo;un t\u00e9moignage de Rose devant des \u00e9coliers)<\/p>\n\n\n\n<p><strong>MARS<\/strong> 24<\/p>\n\n\n\n<p>Rencontre autours d&rsquo;Avant la nuit &#8211; 4 mar &#8211; Coll\u00e8ge, Lagnieu<\/p>\n\n\n\n<p>08 mars &#8211; Salle G\u00e9rard Mar\u00e9, Chatillons-sur-Chalarone<\/p>\n\n\n\n<p>4 mar \/ 10h, 14h\u00a0&#8211; Coll\u00e8ge, Lagnieu<\/p>\n\n\n\n<p><strong>FEVRIER 24<\/strong><\/p>\n\n\n\n<p>06 f\u00e9v \/ 10h, 14h &#8211; Coll\u00e8ge Paul Sixdenier, Hauteville<\/p>\n\n\n\n<p>08 f\u00e9v \/ 19h &#8211; Universit\u00e9 Populaire, Salle des Ateliers, Cluses<\/p>\n\n\n\n<p>09 f\u00e9v \/ 10h, 14h\u00a0 &#8211; Colleges et Lyc\u00e9es, Salle des Ateliers, Cluses<\/p>\n\n\n\n<p><strong>NOVEMBRE 23<\/strong><\/p>\n\n\n\n<p>09 nov \/ 14h &#8211; Lyc\u00e9e du Bugey, Belley\u00a0\u00a0\u00a0\u00a0\u00a0\u00a0\u00a0 100\u00e8me repr\u00e9sentation !!!<\/p>\n\n\n\n<p>10 nov \/ 10h, 14h &#8211; Lyc\u00e9e du Bugey, Belley<\/p>\n\n\n\n<p><strong>MAI 23<\/strong><\/p>\n\n\n\n<p>16 mai \/ 10h et 14h &#8211; Coll\u00e8ge Eug\u00e8ne Dubois, Ch\u00e2tillon-sur-Chalaronne<\/p>\n\n\n\n<p><strong>AVRIL 23<\/strong><\/p>\n\n\n\n<p>07 avr \/ 10h et 14h &#8211; Salle des f\u00eates, Trevoux<\/p>\n\n\n\n<p><strong>2023<\/strong><\/p>\n\n\n\n<p>&nbsp;&nbsp;&nbsp;&nbsp;&nbsp; &nbsp;<strong> Mars<\/strong><\/p>\n\n\n\n<p><strong>&nbsp;&nbsp;&nbsp;&nbsp;&nbsp;&nbsp;&nbsp;&nbsp; <\/strong>02 mars \/ 10h et 14h&nbsp; &#8211; Th\u00e9\u00e2tre Jeanne d&rsquo;Arc, Bellegarde<\/p>\n\n\n\n<p><strong>&nbsp;&nbsp;&nbsp;&nbsp;&nbsp;&nbsp;&nbsp;&nbsp; <\/strong>03&nbsp; mars \/ 10h et 14h&nbsp; &#8211; Th\u00e9\u00e2tre Jeanne d&rsquo;Arc, Bellegarde<\/p>\n\n\n\n<p>        14 mars \/ 10h et 14h&nbsp; &#8211; Saint-Denis-les-Bourg<\/p>\n\n\n\n<p>        28 mars \/ 10h et 14h&nbsp; &#8211; Coll\u00e8ge Paul Claudel, Lagnieu<\/p>\n\n\n\n<p>&nbsp;&nbsp;&nbsp;&nbsp;&nbsp;&nbsp;&nbsp;  <strong>Avril<\/strong><\/p>\n\n\n\n<p>&nbsp;&nbsp;&nbsp;&nbsp;&nbsp;&nbsp;&nbsp;  07 avril 10h et 14h &#8211; Coll\u00e8ge J. Moulin, Tr\u00e9voux<\/p>\n\n\n\n<p>      <strong>   Mai<\/strong><\/p>\n\n\n\n<p><strong>      <\/strong>   16 mai \/10h et 14h&nbsp; &#8211; Chatillon-sur-Chalaronne<\/p>\n\n\n\n<p><\/p>\n\n\n\n<p><strong>2022<\/strong><\/p>\n\n\n\n<p>&nbsp;&nbsp;&nbsp;&nbsp;&nbsp;&nbsp;&nbsp;&nbsp; 7 nov \/ 10h et 14h &#8211; MCC de Bourg-en Bresse (80 \u00e8me repr\u00e9sentation !)<\/p>\n\n\n\n<p>&nbsp;&nbsp;&nbsp;&nbsp;&nbsp;&nbsp;&nbsp;&nbsp; 8 nov \/ 10h et 14h &#8211; MCC de Bourg-en Bresse<\/p>\n\n\n\n<p>&nbsp;&nbsp;&nbsp;&nbsp;&nbsp;&nbsp;&nbsp;&nbsp; 8 nov \/ 18h30 -(Lecture extrait pour le vernissage de l&rsquo;expo du Mus\u00e9e de la r\u00e9sistance)-MCC<\/p>\n\n\n\n<p>&nbsp;&nbsp;&nbsp;&nbsp;&nbsp;&nbsp;&nbsp;&nbsp; 10 nov \/ 14h et 19h (\u00e0 confirmer) &#8211; MCC de Bourg-en Bresse<\/p>\n\n\n\n<p>&nbsp;&nbsp;&nbsp;&nbsp;&nbsp;&nbsp;&nbsp;&nbsp; 11 nov \/ 15h &#8211; MCC de Bourg-en Bresse<\/p>\n\n\n\n<p>&nbsp;&nbsp;&nbsp;&nbsp;&nbsp;&nbsp;&nbsp;&nbsp; 8 nov \/ 10h et 14h &#8211; MCC de Bourg-en Bresse<\/p>\n\n\n\n<p>&nbsp;&nbsp;&nbsp;&nbsp;&nbsp;&nbsp;&nbsp;&nbsp; 14 nov \/ 10h et 14h &#8211; MCC de Bourg-en Bresse<\/p>\n\n\n\n<p>&nbsp;&nbsp;&nbsp;&nbsp;&nbsp;&nbsp;&nbsp;&nbsp; 15 nov \/ 10h et 14h &#8211; MCC de Bourg-en Bresse<\/p>\n\n\n\n<p>&nbsp;&nbsp;&nbsp;&nbsp;&nbsp;&nbsp;&nbsp;&nbsp; 17 nov \/ 14h et 19h &#8211; MCC de Bourg-en Bresse<\/p>\n\n\n\n<p>&nbsp;&nbsp;&nbsp;&nbsp;&nbsp;&nbsp;&nbsp;&nbsp; 18 nov \/ 10h&nbsp; &#8211; MCC de Bourg-en Bresse<\/p>\n\n\n\n<p><strong>&nbsp;&nbsp;&nbsp;&nbsp;&nbsp;&nbsp;&nbsp;&nbsp;&nbsp; <em>12 mai <\/em><\/strong><em>(deux repr\u00e9sentations), Coll\u00e8ge Comas, Villar-Les-Dombes<\/em><\/p>\n\n\n\n<p><em><strong>&nbsp;&nbsp;&nbsp;&nbsp;&nbsp;&nbsp;&nbsp;&nbsp;&nbsp; 10 mai <\/strong>(deux repr\u00e9sentations), Coll\u00e8ge J. Moulin, Tr\u00e9voux <\/em><\/p>\n\n\n\n<p><em><strong>&nbsp;&nbsp;&nbsp;&nbsp;&nbsp;&nbsp;&nbsp;&nbsp;&nbsp; 15 mars <\/strong>(deux repr\u00e9sentations), Coll\u00e8ge J. Pr\u00e9vert, Saint-Genis-Pouilly<\/em><\/p>\n\n\n\n<p><em><strong>&nbsp;&nbsp;&nbsp;&nbsp;&nbsp;&nbsp;&nbsp;&nbsp;&nbsp; 10 f\u00e9v <\/strong>(deux repr\u00e9sentations), Coll\u00e8ge Saint-Exup\u00e9ry, Bellegarde<\/em><\/p>\n\n\n\n<p><em><strong>2021<\/strong><\/em><\/p>\n\n\n\n<p><em>&nbsp;&nbsp;&nbsp;&nbsp;&nbsp;&nbsp;&nbsp; <strong>&nbsp; 23 mai <\/strong>17h, Mus\u00e9e de la R\u00e9sistance, Site des Morettes<\/em><\/p>\n\n\n\n<p><em>&nbsp;&nbsp;&nbsp;<strong> &nbsp;&nbsp;&nbsp;&nbsp;&nbsp; 21 mai<\/strong> 10h et 14h, Coll\u00e8ge Morandat, Saint-Denis-Les-Bourg<\/em><\/p>\n\n\n\n<p><em>&nbsp;&nbsp;&nbsp;<strong> &nbsp;&nbsp;&nbsp;&nbsp;&nbsp; 11 mai <\/strong>10h et 14h, Salle G\u00e9rard Marais, Chatillon\/Chalaronne<\/em><\/p>\n\n\n\n<p><em><strong>&nbsp; &nbsp; &nbsp; &nbsp; &nbsp; 22 et 23 mars <\/strong>(3 repr\u00e9sentations) Salle Vaugelas, M\u00e9ximieux<\/em><\/p>\n\n\n\n<p><em><strong>2020<\/strong><\/em><\/p>\n\n\n\n<p><em><strong>&nbsp;&nbsp;&nbsp;&nbsp;&nbsp;&nbsp;&nbsp;&nbsp;&nbsp; 9 avril 2020 <\/strong>10h et 14h, Coll\u00e8ge J. Moulin, Tr\u00e9voux<strong><br><\/strong><\/em><\/p>\n\n\n\n<p><em>&nbsp;&nbsp;&nbsp;&nbsp;&nbsp;&nbsp;&nbsp;&nbsp;<strong> 2 avril 2020<\/strong> 10h et 14h, Salle G\u00e9rard Marais, Chatillon\/Chalaronne<\/em><\/p>\n\n\n\n<p><em><strong>2019<\/strong><\/em><\/p>\n\n\n\n<p><em><strong>&nbsp;&nbsp;&nbsp;&nbsp;&nbsp;&nbsp;&nbsp;&nbsp;&nbsp;&nbsp; 04 au 23 Juillet 17h, <\/strong>(20 repr\u00e9sentation)Th\u00e9\u00e2tre Au Bout L\u00e0-Bas, OFF Avignon<strong><br><\/strong><\/em><\/p>\n\n\n\n<p><em><span style=\"font-weight: 500;\">30 avril<span style=\"font-weight: 300;\"> 10h et 14h, Salle G\u00e9rard Marais, Chalaronne<\/span><\/span><\/em><\/p>\n\n\n\n<p><em><strong>5 avril<\/strong> 10h et 14h, Coll\u00e8ge J. Moulin \u00e0 Tr\u00e9voux<\/em><\/p>\n\n\n\n<p><em><strong>1\u00b0 avril<\/strong> 14h, Coll\u00e8ge Sixdenier \u00e0 Hauteville<\/em><\/p>\n\n\n\n<p><em><strong>26 mars <\/strong>14h, Coll\u00e8ge X. Bichat \u00e0 l\u2019Espace Andr\u00e9 Malraux de Nantua<\/em><\/p>\n\n\n\n<p><em><span style=\"font-weight: 500;\">12-13-14 mars <span style=\"font-weight: 300;\">(5 repr\u00e9sentations)<\/span> Centre culturel Aragon d\u2019Oyonnax, sc\u00e8ne convention\u00e9e r\u00e9gion<\/span><\/em><\/p>\n\n\n\n<p><em><span style=\"font-weight: 500;\">24-25 janvier&nbsp; 20h Chock-Th\u00e9\u00e2tre<\/span>, th\u00e9\u00e2tre ind\u00e9pendant, St Etienne<\/em><\/p>\n\n\n\n<p><em><strong>2018<\/strong><\/em><\/p>\n\n\n\n<p><em><span style=\"font-weight: 500;\">Th\u00e9\u00e2tre de Bourg en Bresse, sc\u00e8ne conventionn\u00e9e d\u2019int\u00e9r\u00eat national<\/span>, cr\u00e9ation marionnette et cirque, pour le dispositif Terr\u2019 Ain de jeux<\/em><\/p>\n\n\n\n<p><em>. Vendredi 9 novembre \u00e0 20h<\/em><br><em>\u00e0 la salle des F\u00eates de Saint Julien sur Reyssouze<\/em><\/p>\n\n\n\n<p><em>. Vendredi 16 novembre \u00e0 10h et 20h<\/em><br><em>au Centre Saint Martin de Vonnas<\/em><\/p>\n\n\n\n<p><em>. Jeudi 22 novembre \u00e0 14h30 et 20h<\/em><br><em>\u00e0 la salle des F\u00eates de Pont d\u2019Ain<\/em><\/p>\n\n\n\n<p><em>. Samedi 24 novembre \u00e0 20h<\/em><br><em>\u00e0 la salle des F\u00eates de Treffort<\/em><\/p>\n\n\n\n<p><em>. Dimanche 25 novembre \u00e0 17h et lundi 26 novembre \u00e0 10h<\/em><br><em>\u00e0 la salle du conseil de Saint Rambert en Bugey<\/em><\/p>\n\n\n\n<p><em><span style=\"font-weight: 500;\">31 mai \u00e0 14h et 20h30, M\u00e9morial National Prison de Montluc, Lyon<\/span><\/em><\/p>\n\n\n\n<p><em><strong>15 mai<\/strong> <span style=\"font-weight: 300;\">\u00e0 10h et 14h, Coll\u00e8ge Saint Joseph de Saint-Didier-sur-Chalaronne<\/span><\/em><\/p>\n\n\n\n<p><em><strong>17 mars<\/strong> \u00e0 20h30 et 18 mars \u00e0 15h, M\u00e9diath\u00e8que de Journans<\/em><\/p>\n\n\n\n<p><em><strong>13 mars<\/strong> \u00e0 10h20 et 15h, Coll\u00e8ge Lucie Aubrac de Ceyz\u00e9riat<\/em><\/p>\n\n\n\n<p><em><strong>6 f\u00e9vrier<\/strong> \u00e0 10h et 13h30, Coll\u00e8ge Ed. Rostand de Marchon<\/em><\/p>\n\n\n\n<p><em><strong>3 f\u00e9vrier<\/strong> \u00e0 20h30 et 4 f\u00e9vrier \u00e0 15h, salle municipale de Champdor-Corcelles<\/em><\/p>\n\n\n\n<p><em><strong>2017<\/strong><\/em><\/p>\n\n\n\n<p><em><strong>22 octobre<\/strong> \u00e0 15h et 17h, Mus\u00e9e de la r\u00e9sistance et de la d\u00e9portation de l\u2019Ain \u00e0 Nantua<\/em><\/p>\n\n\n\n<p><em><span style=\"font-weight: 500;\">19, 20, 21 mai<\/span> 20h, Chougeat dans la grange<\/em><\/p>\n\n\n\n<p><em><strong>28 avril<\/strong> 20h, Espace Andr\u00e9 Malraux de Nantua<\/em><\/p>\n\n\n\n<p><em><strong>31 mars Sortie de r\u00e9sidence \u00e0 Sonthonnax la Montagne<\/strong><\/em><\/p>\n","protected":false},"excerpt":{"rendered":"<p>&nbsp;&nbsp;&nbsp;&nbsp; JUIN 24 15 juin \/ 20h30 &#8211; Maison de Pays, Champagne en V. MAI 24 7 mai \/ 20h30 &#8211; Salle des f\u00eates de Farges, port\u00e9 par la Mairie de Pougny. Les chemins de la m\u00e9moire &#8211; 16 mai &#8211; Plateau d&rsquo;Echallon, organis\u00e9 par la Ligue de l&rsquo;enseignement (extrait d&rsquo;un t\u00e9moignage de Rose devant&hellip; <br \/> <a class=\"button small blue\" href=\"https:\/\/avantlanuit.org\/index.php\/page-d-exemple\/\">Lire la suite<\/a><\/p>\n","protected":false},"author":1,"featured_media":0,"parent":0,"menu_order":0,"comment_status":"closed","ping_status":"open","template":"","meta":{"ngg_post_thumbnail":0},"_links":{"self":[{"href":"https:\/\/avantlanuit.org\/index.php\/wp-json\/wp\/v2\/pages\/2"}],"collection":[{"href":"https:\/\/avantlanuit.org\/index.php\/wp-json\/wp\/v2\/pages"}],"about":[{"href":"https:\/\/avantlanuit.org\/index.php\/wp-json\/wp\/v2\/types\/page"}],"author":[{"embeddable":true,"href":"https:\/\/avantlanuit.org\/index.php\/wp-json\/wp\/v2\/users\/1"}],"replies":[{"embeddable":true,"href":"https:\/\/avantlanuit.org\/index.php\/wp-json\/wp\/v2\/comments?post=2"}],"version-history":[{"count":46,"href":"https:\/\/avantlanuit.org\/index.php\/wp-json\/wp\/v2\/pages\/2\/revisions"}],"predecessor-version":[{"id":797,"href":"https:\/\/avantlanuit.org\/index.php\/wp-json\/wp\/v2\/pages\/2\/revisions\/797"}],"wp:attachment":[{"href":"https:\/\/avantlanuit.org\/index.php\/wp-json\/wp\/v2\/media?parent=2"}],"curies":[{"name":"wp","href":"https:\/\/api.w.org\/{rel}","templated":true}]}}